{"id":27,"date":"2020-03-31T11:33:49","date_gmt":"2020-03-31T11:33:49","guid":{"rendered":"http:\/\/kanzleiklocke.de\/?page_id=27"},"modified":"2025-03-31T21:09:15","modified_gmt":"2025-03-31T21:09:15","slug":"27-2","status":"publish","type":"page","link":"https:\/\/kanzleiklocke.de\/","title":{"rendered":"Startseite"},"content":{"rendered":"\t\t<div data-elementor-type=\"wp-page\" data-elementor-id=\"27\" class=\"elementor elementor-27\">\n\t\t\t\t\t\t<section class=\"elementor-section elementor-top-section elementor-element elementor-element-db39f53 elementor-section-boxed elementor-section-height-default elementor-section-height-default\" data-id=\"db39f53\" data-element_type=\"section\" data-e-type=\"section\">\n\t\t\t\t\t\t<div class=\"elementor-container elementor-column-gap-default\">\n\t\t\t\t\t<div class=\"elementor-column elementor-col-100 elementor-top-column elementor-element elementor-element-232c3e7\" data-id=\"232c3e7\" data-element_type=\"column\" data-e-type=\"column\">\n\t\t\t<div class=\"elementor-widget-wrap elementor-element-populated\">\n\t\t\t\t\t\t<div class=\"elementor-element elementor-element-0a20d78 elementor-widget__width-inherit elementor-widget-divider--view-line elementor-widget elementor-widget-divider\" data-id=\"0a20d78\" data-element_type=\"widget\" data-e-type=\"widget\" data-widget_type=\"divider.default\">\n\t\t\t\t<div class=\"elementor-widget-container\">\n\t\t\t\t\t\t\t<div class=\"elementor-divider\">\n\t\t\t<span class=\"elementor-divider-separator\">\n\t\t\t\t\t\t<\/span>\n\t\t<\/div>\n\t\t\t\t\t\t<\/div>\n\t\t\t\t<\/div>\n\t\t\t\t\t<\/div>\n\t\t<\/div>\n\t\t\t\t\t<\/div>\n\t\t<\/section>\n\t\t\t\t<section class=\"elementor-section elementor-top-section elementor-element elementor-element-a096165 elementor-section-boxed elementor-section-height-default elementor-section-height-default\" data-id=\"a096165\" data-element_type=\"section\" data-e-type=\"section\">\n\t\t\t\t\t\t\t<div class=\"elementor-background-overlay\"><\/div>\n\t\t\t\t\t\t\t<div class=\"elementor-container elementor-column-gap-default\">\n\t\t\t\t\t<div class=\"elementor-column elementor-col-100 elementor-top-column elementor-element elementor-element-49ec67f\" data-id=\"49ec67f\" data-element_type=\"column\" data-e-type=\"column\">\n\t\t\t<div class=\"elementor-widget-wrap elementor-element-populated\">\n\t\t\t\t\t\t<section class=\"elementor-section elementor-inner-section elementor-element elementor-element-d6db0d4 elementor-section-boxed elementor-section-height-default elementor-section-height-default\" data-id=\"d6db0d4\" data-element_type=\"section\" data-e-type=\"section\">\n\t\t\t\t\t\t<div class=\"elementor-container elementor-column-gap-default\">\n\t\t\t\t\t<div class=\"elementor-column elementor-col-50 elementor-inner-column elementor-element elementor-element-d22ef68\" data-id=\"d22ef68\" data-element_type=\"column\" data-e-type=\"column\">\n\t\t\t<div class=\"elementor-widget-wrap elementor-element-populated\">\n\t\t\t\t\t\t<div class=\"elementor-element elementor-element-0b59773 elementor-widget elementor-widget-image\" data-id=\"0b59773\" data-element_type=\"widget\" data-e-type=\"widget\" data-widget_type=\"image.default\">\n\t\t\t\t<div class=\"elementor-widget-container\">\n\t\t\t\t\t\t\t\t\t\t\t\t\t\t\t<img fetchpriority=\"high\" decoding=\"async\" width=\"660\" height=\"759\" src=\"https:\/\/kanzleiklocke.de\/wp-content\/uploads\/2020\/05\/DSC1201-Ausschnitt-891x1024.jpeg\" class=\"attachment-large size-large wp-image-218\" alt=\"\" srcset=\"https:\/\/kanzleiklocke.de\/wp-content\/uploads\/2020\/05\/DSC1201-Ausschnitt-891x1024.jpeg 891w, https:\/\/kanzleiklocke.de\/wp-content\/uploads\/2020\/05\/DSC1201-Ausschnitt-261x300.jpeg 261w, https:\/\/kanzleiklocke.de\/wp-content\/uploads\/2020\/05\/DSC1201-Ausschnitt-768x882.jpeg 768w, https:\/\/kanzleiklocke.de\/wp-content\/uploads\/2020\/05\/DSC1201-Ausschnitt-1337x1536.jpeg 1337w, https:\/\/kanzleiklocke.de\/wp-content\/uploads\/2020\/05\/DSC1201-Ausschnitt-1783x2048.jpeg 1783w\" sizes=\"(max-width: 660px) 100vw, 660px\" \/>\t\t\t\t\t\t\t\t\t\t\t\t\t\t\t<\/div>\n\t\t\t\t<\/div>\n\t\t\t\t<div class=\"elementor-element elementor-element-a13ee90 elementor-widget elementor-widget-spacer\" data-id=\"a13ee90\" data-element_type=\"widget\" data-e-type=\"widget\" data-widget_type=\"spacer.default\">\n\t\t\t\t<div class=\"elementor-widget-container\">\n\t\t\t\t\t\t\t<div class=\"elementor-spacer\">\n\t\t\t<div class=\"elementor-spacer-inner\"><\/div>\n\t\t<\/div>\n\t\t\t\t\t\t<\/div>\n\t\t\t\t<\/div>\n\t\t\t\t<div class=\"elementor-element elementor-element-e6d6a5d elementor-widget elementor-widget-text-editor\" data-id=\"e6d6a5d\" data-element_type=\"widget\" data-e-type=\"widget\" data-widget_type=\"text-editor.default\">\n\t\t\t\t<div class=\"elementor-widget-container\">\n\t\t\t\t\t\t\t\t\t<h4 style=\"font-family: Roboto, sans-serif; font-style: normal; font-weight: 600; line-height: 1.2em; margin: 0px; color: #000000; font-size: 27px; caret-color: #000000; padding: 0px;\" data-elementor-setting-key=\"title\" data-pen-placeholder=\"Eingabe hier...\">Dr. jur. Rainer Klocke<\/h4><p style=\"caret-color: #000000; color: #000000;\">Rechtsanwalt<br \/>Fachanwalt f\u00fcr Versicherungsrecht<\/p>\t\t\t\t\t\t\t\t<\/div>\n\t\t\t\t<\/div>\n\t\t\t\t<div class=\"elementor-element elementor-element-19883e6 elementor-widget elementor-widget-spacer\" data-id=\"19883e6\" data-element_type=\"widget\" data-e-type=\"widget\" data-widget_type=\"spacer.default\">\n\t\t\t\t<div class=\"elementor-widget-container\">\n\t\t\t\t\t\t\t<div class=\"elementor-spacer\">\n\t\t\t<div class=\"elementor-spacer-inner\"><\/div>\n\t\t<\/div>\n\t\t\t\t\t\t<\/div>\n\t\t\t\t<\/div>\n\t\t\t\t\t<\/div>\n\t\t<\/div>\n\t\t\t\t<div class=\"elementor-column elementor-col-50 elementor-inner-column elementor-element elementor-element-19e36d5\" data-id=\"19e36d5\" data-element_type=\"column\" data-e-type=\"column\">\n\t\t\t<div class=\"elementor-widget-wrap elementor-element-populated\">\n\t\t\t\t\t\t<div class=\"elementor-element elementor-element-37acdb4 elementor-widget elementor-widget-text-editor\" data-id=\"37acdb4\" data-element_type=\"widget\" data-e-type=\"widget\" data-widget_type=\"text-editor.default\">\n\t\t\t\t<div class=\"elementor-widget-container\">\n\t\t\t\t\t\t\t\t\t<p style=\"caret-color: #000000; color: #000000;\"><span style=\"font-size: 14.000000953674316px;\">Herr Dr. Klocke (geb. 1954) ist seit 1984 Rechtsanwalt in K\u00f6ln. Nach erster T\u00e4tigkeit in einer gr\u00f6\u00dferen Anwaltskanzlei war er 1988 Gr\u00fcndungspartner der Soziet\u00e4t Dr. Klocke &amp; Dr. Linkens, die \u00fcber den Zeitraum von 32 Jahren hinaus am Theodor-Heuss-Ring in K\u00f6ln die anwaltliche T\u00e4tigkeit im Bereich des Zivilrechts ausge\u00fcbt hat. Dabei vertritt Herr Dr. Klocke die zivilrechtlichen Interessen der Mandanten bundesweit bei allen Amts-, Land- und Oberlandesgerichten.<\/span><\/p>\n<p style=\"margin-bottom: 1.25rem; caret-color: #000000; color: #000000;\"><span style=\"font-size: 14.000000953674316px;\">Seine beruflichen Schwerpunkte liegen zun\u00e4chst in Bereichen des Handelsrechts mit dem Schwerpunkt Vertriebs- und Zuliefervertr\u00e4ge, auch in internationaler Ausrichtung. Die vertragsrechtliche Gestaltung umfasst die Vertragsklauseln sowohl von Einkaufs- wie auch Verkaufsvertr\u00e4gen einschlie\u00dflich AGB. Herr Dr. Klocke ist h\u00e4ufig als gemeinsamer Vertreter der au\u00dfenstehenden Aktion\u00e4re in aktienrechtlichen Spruchverfahren gerichtlich bestimmt worden. Er ist Fachanwalt f\u00fcr Versicherungsrecht mit dem dortigen Schwerpunkt im Sachversicherungsrecht und der Vertretung von Rechtsschutzversicherungen. \u00dcberdies wurde er wiederholt als Schiedsrichter in Ad-Hoc Schiedsgerichtsverfahren berufen.<\/span><\/p>\n<p style=\"margin-bottom: 1.25rem;\"><span style=\"color: #000000;\"><span style=\"caret-color: #000000; font-size: 14.000000953674316px;\">Nach Beendigung der Kanzlei am Theodor-Heuss-Ring schloss sich Herr Dr. Klocke in B\u00fcrogemeinschaft der neu gegr\u00fcndeten Soziet\u00e4t der Rechtsanw\u00e4ltinnen Dr. Andrea Nehl &amp; Sabine Breitegger an, mit der ihn \u00fcber 20 Jahre eine berufliche Zusammenarbeit verband. Nach Trennung dieser Soziet\u00e4t wird die B\u00fcrogemeinschaft von Herrn Dr. Klocke mit Frau Dr. Nehl ab April 2025 fortgesetzt. Die Kanzlei befindet sich in der Mittelstra\u00dfe 12-14 C in K\u00f6ln, dem Haus des Bazaar de Cologne.<\/span><\/span><\/p>\t\t\t\t\t\t\t\t<\/div>\n\t\t\t\t<\/div>\n\t\t\t\t\t<\/div>\n\t\t<\/div>\n\t\t\t\t\t<\/div>\n\t\t<\/section>\n\t\t\t\t<div class=\"elementor-element elementor-element-7c856e3 elementor-widget elementor-widget-menu-anchor\" data-id=\"7c856e3\" data-element_type=\"widget\" data-e-type=\"widget\" data-widget_type=\"menu-anchor.default\">\n\t\t\t\t<div class=\"elementor-widget-container\">\n\t\t\t\t\t\t\t<div class=\"elementor-menu-anchor\" id=\"kontakt\"><\/div>\n\t\t\t\t\t\t<\/div>\n\t\t\t\t<\/div>\n\t\t\t\t<div class=\"elementor-element elementor-element-2fafe45 elementor-widget elementor-widget-spacer\" data-id=\"2fafe45\" data-element_type=\"widget\" data-e-type=\"widget\" data-widget_type=\"spacer.default\">\n\t\t\t\t<div class=\"elementor-widget-container\">\n\t\t\t\t\t\t\t<div class=\"elementor-spacer\">\n\t\t\t<div class=\"elementor-spacer-inner\"><\/div>\n\t\t<\/div>\n\t\t\t\t\t\t<\/div>\n\t\t\t\t<\/div>\n\t\t\t\t<section class=\"elementor-section elementor-inner-section elementor-element elementor-element-ae2876f elementor-section-content-space-evenly elementor-section-boxed elementor-section-height-default elementor-section-height-default\" data-id=\"ae2876f\" data-element_type=\"section\" data-e-type=\"section\">\n\t\t\t\t\t\t<div class=\"elementor-container elementor-column-gap-narrow\">\n\t\t\t\t\t<div class=\"elementor-column elementor-col-50 elementor-inner-column elementor-element elementor-element-6775e9d\" data-id=\"6775e9d\" data-element_type=\"column\" data-e-type=\"column\">\n\t\t\t<div class=\"elementor-widget-wrap elementor-element-populated\">\n\t\t\t\t\t\t<div class=\"elementor-element elementor-element-62f6ebf elementor-widget elementor-widget-text-editor\" data-id=\"62f6ebf\" data-element_type=\"widget\" data-e-type=\"widget\" data-widget_type=\"text-editor.default\">\n\t\t\t\t<div class=\"elementor-widget-container\">\n\t\t\t\t\t\t\t\t\t<p style=\"text-align: left;\"><span style=\"font-weight: bold; caret-color: #000000; color: #000000;\";id=\"kontakt\";>Kontakt<\/span><br class=\"\" style=\"caret-color: #000000; color: #000000;\" \/><span style=\"caret-color: #000000; color: #000000;\">Mittelstra\u00dfe 12 \u2013 14 C<\/span><br class=\"\" style=\"caret-color: #000000; color: #000000;\" \/><span style=\"caret-color: #000000; color: #000000;\">50672 K\u00f6ln<\/span><br class=\"\" style=\"caret-color: #000000; color: #000000;\" \/><span style=\"caret-color: #000000; color: #000000;\">Tel. +49 (0)221 888841-0<\/span><br class=\"\" style=\"caret-color: #000000; color: #000000;\" \/><span style=\"caret-color: #000000; color: #000000;\">Fax +49 (0)221 888841-10<\/span><br class=\"\" style=\"caret-color: #000000; color: #000000;\" \/><a href=\"mailto:klocke@kanzleiklocke.de\"><span style=\"caret-color: #000000; color: #000000;\">klocke@kanzleiklocke.de<\/span><\/a><\/p>\t\t\t\t\t\t\t\t<\/div>\n\t\t\t\t<\/div>\n\t\t\t\t\t<\/div>\n\t\t<\/div>\n\t\t\t\t<div class=\"elementor-column elementor-col-50 elementor-inner-column elementor-element elementor-element-68df6ca\" data-id=\"68df6ca\" data-element_type=\"column\" data-e-type=\"column\">\n\t\t\t<div class=\"elementor-widget-wrap elementor-element-populated\">\n\t\t\t\t\t\t<div class=\"elementor-element elementor-element-a1ebea4 elementor-widget elementor-widget-google_maps\" data-id=\"a1ebea4\" data-element_type=\"widget\" data-e-type=\"widget\" data-widget_type=\"google_maps.default\">\n\t\t\t\t<div class=\"elementor-widget-container\">\n\t\t\t\t\t\t\t<div class=\"elementor-custom-embed\">\n\t\t\t<iframe loading=\"lazy\"\n\t\t\t\t\tsrc=\"https:\/\/maps.google.com\/maps?q=Mittelstra%C3%9Fe%2012%20%E2%80%93%2014%20C%2050672%20K%C3%B6ln&#038;t=m&#038;z=13&#038;output=embed&#038;iwloc=near\"\n\t\t\t\t\ttitle=\"Mittelstra\u00dfe 12 \u2013 14 C 50672 K\u00f6ln\"\n\t\t\t\t\taria-label=\"Mittelstra\u00dfe 12 \u2013 14 C 50672 K\u00f6ln\"\n\t\t\t><\/iframe>\n\t\t<\/div>\n\t\t\t\t\t\t<\/div>\n\t\t\t\t<\/div>\n\t\t\t\t\t<\/div>\n\t\t<\/div>\n\t\t\t\t\t<\/div>\n\t\t<\/section>\n\t\t\t\t<div class=\"elementor-element elementor-element-3cf37e5 elementor-widget elementor-widget-spacer\" data-id=\"3cf37e5\" data-element_type=\"widget\" data-e-type=\"widget\" data-widget_type=\"spacer.default\">\n\t\t\t\t<div class=\"elementor-widget-container\">\n\t\t\t\t\t\t\t<div class=\"elementor-spacer\">\n\t\t\t<div class=\"elementor-spacer-inner\"><\/div>\n\t\t<\/div>\n\t\t\t\t\t\t<\/div>\n\t\t\t\t<\/div>\n\t\t\t\t<div class=\"elementor-element elementor-element-fda3acb elementor-widget elementor-widget-menu-anchor\" data-id=\"fda3acb\" data-element_type=\"widget\" data-e-type=\"widget\" data-widget_type=\"menu-anchor.default\">\n\t\t\t\t<div class=\"elementor-widget-container\">\n\t\t\t\t\t\t\t<div class=\"elementor-menu-anchor\" id=\"vita\"><\/div>\n\t\t\t\t\t\t<\/div>\n\t\t\t\t<\/div>\n\t\t\t\t<div class=\"elementor-element elementor-element-b1da663 elementor-widget-divider--view-line elementor-widget elementor-widget-divider\" data-id=\"b1da663\" data-element_type=\"widget\" data-e-type=\"widget\" data-widget_type=\"divider.default\">\n\t\t\t\t<div class=\"elementor-widget-container\">\n\t\t\t\t\t\t\t<div class=\"elementor-divider\">\n\t\t\t<span class=\"elementor-divider-separator\">\n\t\t\t\t\t\t<\/span>\n\t\t<\/div>\n\t\t\t\t\t\t<\/div>\n\t\t\t\t<\/div>\n\t\t\t\t<div class=\"elementor-element elementor-element-db1e8de elementor-widget elementor-widget-text-editor\" data-id=\"db1e8de\" data-element_type=\"widget\" data-e-type=\"widget\" data-settings=\"{&quot;_animation&quot;:&quot;none&quot;,&quot;_animation_mobile&quot;:&quot;none&quot;}\" data-widget_type=\"text-editor.default\">\n\t\t\t\t<div class=\"elementor-widget-container\">\n\t\t\t\t\t\t\t\t\t<h4 style=\"font-family: Roboto, sans-serif; font-style: normal; font-weight: 600; line-height: 1.2em; margin: 0px; color: #000000; font-size: 27px; padding: 0px;\" data-elementor-setting-key=\"title\" data-pen-placeholder=\"Eingabe hier...\"><b style=\"font-size: 14px; letter-spacing: var(--go--letter-spacing,normal);\">Vita, Studium und berufliche Ausbildung<\/b><\/h4>\n<p style=\"font-size: 14px;\">Bis 1980 Studium der Rechtswissenschaften an der Universit\u00e4t zu K\u00f6ln<br>1981 Erstes Juristisches Staatsexamen, Justizpr\u00fcfungsamt, Oberlandesgericht K\u00f6ln<br>1981-1982 Korrekturassistent am Institut f\u00fcr Verfahrensrecht, Prof. Dr. Baumg\u00e4rtel, Universit\u00e4t zu K\u00f6ln<br>1981 DAAD-Stipendiat, Summer Course an der London School of Economics &#8222;Introduction to modern English Law&#8220;<br>1981-1984 Referendarzeit, OLG K\u00f6ln, darin eingeschlossen Stationen an der Hochschule f\u00fcr Verwaltungswissenschaften Speyer und an der Deutsch-Britischen Industrie- und Handelskammer in London<br>1984 Zweites Juristisches Staatsexamen, Landesjustizpr\u00fcfungsamt, Justizministerium NRW<br>1984 Zulassung zur Rechtsanwaltschaft in K\u00f6ln und Beginn der anwaltlichen T\u00e4tigkeit<br>1985 Promotion zum doctor juris<br>Seit 2007 Fachanwalt f\u00fcr Versicherungsrecht<\/p>\n<p style=\"font-size: 14px;\"><b>Ehrenamtliche T\u00e4tigkeiten mit Berufsbezug<\/b><br>1997-2007 Vorstandsmitglied K\u00f6lner Anwaltverein e.V.<br>1998-2007 1. Vorsitzender K\u00f6lner Anwaltverein e.V.<br>Seit 1999 Vorstandsmitglied K\u00f6lner Juristische Gesellschaft<br>1999-2011 Mitglied der Satzungsversammlung, dem Beschlu\u00dforgan bei der Bundesrechtsanwaltskammer f\u00fcr das Berufsrecht der Rechtsanw\u00e4lte<br>2000-2023 Vorstandsmitglied F\u00f6rderverein Institut f\u00fcr Anwaltsrecht an der Universit\u00e4t zu K\u00f6ln<br>2006-2009 Mitglied des Beirats des Soldan Institut f\u00fcr Anwaltsmanagement e.V.<br>2009-2023 stv. Vorstandsvorsitzender des Soldan Institut f\u00fcr Anwaltsmanagement e.V.<br>2008-2022 Mitglied der st\u00e4ndigen Deputation des Deutschen Juristentages e.V. (Vorstandsmitglied)<br>Seit 2009 Mitglied des Beirats der D.R.S. Deutsche Rechtsanwalts Service GmbH, Management-Gesellschaft der \u00d6RAG Rechtsschutzversicherungs-AG<br>2013 Beiratsvorsitzender<\/p>\n<p style=\"font-size: 14px;\">Weitere ehrenamtliche T\u00e4tigkeiten in Vorst\u00e4nden und Kuratorien verschiedener gemeinn\u00fctziger Vereine, Verb\u00e4nde und Stiftungen.<\/p>\n<p style=\"font-size: 14px;\"><b>Auswahl berufsbezogener Mitgliedschaften<\/b><br>Deutsch-Britische Juristenvereinigung e.V., Hamburg<br>DAJV &#8211; Deutsch-Amerikanische Juristenvereinigung, Bonn<br>K\u00f6lner Anwaltverein e.V. (KAV), K\u00f6ln<br>Deutscher Anwaltverein e.V. (DAV), Berlin<br>AIJA &#8211; Association International des Jeunes Avocats, Br\u00fcssel<br>Arbeitsgemeinschaft Internationales Wirtschaftsrecht im DAV<br>Arbeitsgemeinschaft Versicherungsrecht im DAV<br>Ausschu\u00df f\u00fcr Versicherungsrecht des KAV<br>Kunst Kultur Justiz e.V.<br>Rheinpreu\u00dfischer Amtsrichter Verein, gegr\u00fcndet 1880<\/p>\n<p style=\"font-size: 14px; margin-bottom: 1.25rem;\"><b>Fremdsprachen<\/b><br>Englisch und Franz\u00f6sisch<\/p>\t\t\t\t\t\t\t\t<\/div>\n\t\t\t\t<\/div>\n\t\t\t\t<div class=\"elementor-element elementor-element-c36bcee elementor-widget elementor-widget-spacer\" data-id=\"c36bcee\" data-element_type=\"widget\" data-e-type=\"widget\" data-widget_type=\"spacer.default\">\n\t\t\t\t<div class=\"elementor-widget-container\">\n\t\t\t\t\t\t\t<div class=\"elementor-spacer\">\n\t\t\t<div class=\"elementor-spacer-inner\"><\/div>\n\t\t<\/div>\n\t\t\t\t\t\t<\/div>\n\t\t\t\t<\/div>\n\t\t\t\t<div class=\"elementor-element elementor-element-49a1eca elementor-widget elementor-widget-image\" data-id=\"49a1eca\" data-element_type=\"widget\" data-e-type=\"widget\" data-widget_type=\"image.default\">\n\t\t\t\t<div class=\"elementor-widget-container\">\n\t\t\t\t\t\t\t\t\t\t\t\t\t\t\t<img decoding=\"async\" width=\"660\" height=\"441\" src=\"https:\/\/kanzleiklocke.de\/wp-content\/uploads\/2020\/05\/Schreibtischbild_Signatur-1024x684.png\" class=\"attachment-large size-large wp-image-313\" alt=\"\" srcset=\"https:\/\/kanzleiklocke.de\/wp-content\/uploads\/2020\/05\/Schreibtischbild_Signatur-1024x684.png 1024w, https:\/\/kanzleiklocke.de\/wp-content\/uploads\/2020\/05\/Schreibtischbild_Signatur-300x200.png 300w, https:\/\/kanzleiklocke.de\/wp-content\/uploads\/2020\/05\/Schreibtischbild_Signatur-768x513.png 768w, https:\/\/kanzleiklocke.de\/wp-content\/uploads\/2020\/05\/Schreibtischbild_Signatur-1536x1025.png 1536w, https:\/\/kanzleiklocke.de\/wp-content\/uploads\/2020\/05\/Schreibtischbild_Signatur.png 1624w\" sizes=\"(max-width: 660px) 100vw, 660px\" \/>\t\t\t\t\t\t\t\t\t\t\t\t\t\t\t<\/div>\n\t\t\t\t<\/div>\n\t\t\t\t<div class=\"elementor-element elementor-element-bf94322 elementor-widget elementor-widget-spacer\" data-id=\"bf94322\" data-element_type=\"widget\" data-e-type=\"widget\" data-widget_type=\"spacer.default\">\n\t\t\t\t<div class=\"elementor-widget-container\">\n\t\t\t\t\t\t\t<div class=\"elementor-spacer\">\n\t\t\t<div class=\"elementor-spacer-inner\"><\/div>\n\t\t<\/div>\n\t\t\t\t\t\t<\/div>\n\t\t\t\t<\/div>\n\t\t\t\t<div class=\"elementor-element elementor-element-bfce478 elementor-widget elementor-widget-menu-anchor\" data-id=\"bfce478\" data-element_type=\"widget\" data-e-type=\"widget\" data-widget_type=\"menu-anchor.default\">\n\t\t\t\t<div class=\"elementor-widget-container\">\n\t\t\t\t\t\t\t<div class=\"elementor-menu-anchor\" id=\"impressum\"><\/div>\n\t\t\t\t\t\t<\/div>\n\t\t\t\t<\/div>\n\t\t\t\t<div class=\"elementor-element elementor-element-4d3402e elementor-widget-divider--view-line elementor-widget elementor-widget-divider\" data-id=\"4d3402e\" data-element_type=\"widget\" data-e-type=\"widget\" data-widget_type=\"divider.default\">\n\t\t\t\t<div class=\"elementor-widget-container\">\n\t\t\t\t\t\t\t<div class=\"elementor-divider\">\n\t\t\t<span class=\"elementor-divider-separator\">\n\t\t\t\t\t\t<\/span>\n\t\t<\/div>\n\t\t\t\t\t\t<\/div>\n\t\t\t\t<\/div>\n\t\t\t\t<div class=\"elementor-element elementor-element-2c38df5 elementor-widget elementor-widget-spacer\" data-id=\"2c38df5\" data-element_type=\"widget\" data-e-type=\"widget\" data-widget_type=\"spacer.default\">\n\t\t\t\t<div class=\"elementor-widget-container\">\n\t\t\t\t\t\t\t<div class=\"elementor-spacer\">\n\t\t\t<div class=\"elementor-spacer-inner\"><\/div>\n\t\t<\/div>\n\t\t\t\t\t\t<\/div>\n\t\t\t\t<\/div>\n\t\t\t\t<div class=\"elementor-element elementor-element-021635a elementor-widget elementor-widget-text-editor\" data-id=\"021635a\" data-element_type=\"widget\" data-e-type=\"widget\" data-widget_type=\"text-editor.default\">\n\t\t\t\t<div class=\"elementor-widget-container\">\n\t\t\t\t\t\t\t\t\t<h4 style=\"font-family: Roboto, sans-serif; font-style: normal; font-weight: 600; line-height: 1.2em; margin: 0px; color: #000000; font-size: 27px; caret-color: #000000; padding: 0px;\" data-elementor-setting-key=\"title\" data-pen-placeholder=\"Eingabe hier...\">Impressum<\/h4>\n<div><br><\/div>\n<div style=\"caret-color: #000000; color: #000000; font-size: 14px;\">\n<div><br><\/div>\n<div>Dieses Internetangebot wird pr\u00e4sentiert von der<\/div>\n<div><br><\/div>\n<div>Kanzlei Klocke<\/div>\n<div>Mittelstra\u00dfe 12 &#8211; 14 C<\/div>\n<div>50672 K\u00f6ln<br><span style=\"caret-color: #000000; color: #000000; font-size: 14px;\">Telefon: +49 (0)221 888841-0<\/span><span style=\"caret-color: #000000; color: #000000; font-size: 14px;\"><br>Telefax: +49 (0)221 888841-10<\/span><span style=\"caret-color: #000000; color: #000000; font-size: 14px;\"><br>E-Mail: klocke@kanzleiklocke.de<\/span><\/div>\n<\/div>\n<p style=\"caret-color: #000000; color: #000000; font-size: 14px;\">USt-IdNr.: DE330174399<\/p>\n<p style=\"caret-color: #000000; color: #000000; font-size: 14px;\">Vertretungsberechtigt:&nbsp;RA Dr. Rainer Klocke.<\/p>\n<p style=\"caret-color: #000000; color: #000000; font-size: 14px;\">Inhaltlich verantwortlich gem\u00e4\u00df \u00a7 55 Abs.2 RStV:&nbsp;RA Dr. Rainer Klocke,&nbsp;Mittelstra\u00dfe 12 &#8211; 14 C,&nbsp;50672 K\u00f6ln.<\/p>\n<p style=\"caret-color: #000000; color: #000000; font-size: 14px;\">Plattform der EU zur au\u00dfergerichtlichen Online-Streitbeilegung http:\/\/ec.europa.eu\/consumers\/odr\/.<\/p>\n<p style=\"caret-color: #000000; color: #000000; font-size: 14px;\">Herr Dr. Klocke nimmt an einem Streitbeilegungsverfahren vor einer Verbraucherschlichtungsstelle nicht teil.<\/p>\n<p style=\"caret-color: #000000; color: #000000; font-size: 14px;\">Berufshaftpflichtversicherung:&nbsp;Allianz Versicherungs-AG,&nbsp;Gro\u00dfer Burstah 3,&nbsp;20457 Hamburg.<\/p>\n<p style=\"caret-color: #000000; color: #000000; font-size: 14px;\">Der r\u00e4umliche Geltungsbereich erstreckt sich auf das gesamte EU-Gebiet und die Staaten des Abkommens \u00fcber den Europ\u00e4ischen Wirtschaftsraum.<\/p>\n<p style=\"caret-color: #000000; color: #000000; font-size: 14px;\"><b>Zulassung<\/b><\/p>\n<p style=\"caret-color: #000000; color: #000000; font-size: 14px;\">Dem in der Kanzlei t\u00e4tigen Berufstr\u00e4ger Dr. Rainer Klocke wurde die Berufsbezeichnung &#8222;Rechtsanwalt&#8220; aufgrund bundesdeutscher Rechtsnormen zuerkannt. Herr Dr. Klocke geh\u00f6rt der Rechtsanwaltskammer K\u00f6ln, Riehler Str. 30, 50668 K\u00f6ln an und ist in Deutschland zugelassen.<\/p>\n<p style=\"caret-color: #000000; color: #000000; font-size: 14px;\"><b>Berufsrechtliche Regelungen<\/b><\/p>\n<p style=\"caret-color: #000000; color: #000000; font-size: 14px;\">Die folgenden berufsrechtlichen Regelungen sind unter www.brak.de bei der Bundesanwaltskammer abrufbar:<\/p>\n<p style=\"caret-color: #000000; color: #000000; font-size: 14px;\">BRAO &#8211; Bundesrechtsanwaltsgeb\u00fchrenordnung<br>BORA &#8211; Berufsordnung f\u00fcr Rechtsanw\u00e4lte<br>BRAGO &#8211; Bundesgeb\u00fchrenordnung f\u00fcr Rechtsanw\u00e4lte<br>RVG &#8211; Rechtsanwaltsverg\u00fctungsgesetz<br>FAO &#8211; Fachanwaltsordnung<br>CCBE &#8211; Berufsregeln der Rechtsanw\u00e4lte der Europ\u00e4ischen Gemeinschaft<br>EuRAG &#8211; Gesetz \u00fcber die T\u00e4tigkeit europ\u00e4ischer Rechtsanw\u00e4lte in Deutschland<\/p>\n<p style=\"caret-color: #000000; color: #000000; font-size: 14px;\"><b>Haftungsausschluss und Nutzungshinweise<\/b><\/p>\n<p style=\"caret-color: #000000; color: #000000; font-size: 14px;\">Die Internetpr\u00e4sentation www.kanzleiklocke.de enth\u00e4lt lediglich allgemeine Informationen und stellt keine rechtliche Beratung im Einzelfall dar, die Ihnen Herr Dr. Klocke gern auf Ihre pers\u00f6nliche Anfrage hin anbietet. Herr RA Dr. Klocke \u00fcbernimmt keine Haftung f\u00fcr die Vollst\u00e4ndigkeit, Richtigkeit und Aktualit\u00e4t der bereitgestellten Informationen. Eine Haftung f\u00fcr die Inhalte verlinkter Websites von Drittanbietern wird ebenfalls nicht \u00fcbernommen. F\u00fcr die Inhalte der verlinkten Seiten sind ausschlie\u00dflich deren Betreiber verantwortlich.<\/p>\t\t\t\t\t\t\t\t<\/div>\n\t\t\t\t<\/div>\n\t\t\t\t\t<\/div>\n\t\t<\/div>\n\t\t\t\t\t<\/div>\n\t\t<\/section>\n\t\t\t\t<section class=\"elementor-section elementor-top-section elementor-element elementor-element-6ef2137 elementor-section-boxed elementor-section-height-default elementor-section-height-default\" data-id=\"6ef2137\" data-element_type=\"section\" data-e-type=\"section\">\n\t\t\t\t\t\t<div class=\"elementor-container elementor-column-gap-default\">\n\t\t\t\t\t<div class=\"elementor-column elementor-col-100 elementor-top-column elementor-element elementor-element-39e89aa\" data-id=\"39e89aa\" data-element_type=\"column\" data-e-type=\"column\">\n\t\t\t<div class=\"elementor-widget-wrap elementor-element-populated\">\n\t\t\t\t\t\t\t<\/div>\n\t\t<\/div>\n\t\t\t\t\t<\/div>\n\t\t<\/section>\n\t\t\t\t<\/div>\n\t\t","protected":false},"excerpt":{"rendered":"<p>Dr. jur. Rainer Klocke RechtsanwaltFachanwalt f\u00fcr Versicherungsrecht Herr Dr. Klocke (geb. 1954) ist seit 1984 Rechtsanwalt in K\u00f6ln. Nach erster T\u00e4tigkeit in einer gr\u00f6\u00dferen Anwaltskanzlei war er 1988 Gr\u00fcndungspartner der Soziet\u00e4t Dr. Klocke &amp; Dr. Linkens, die \u00fcber den Zeitraum von 32 Jahren hinaus am Theodor-Heuss-Ring in K\u00f6ln die anwaltliche T\u00e4tigkeit im Bereich des Zivilrechts [&hellip;]<\/p>\n","protected":false},"author":1,"featured_media":0,"parent":0,"menu_order":0,"comment_status":"closed","ping_status":"closed","template":"elementor_header_footer","meta":{"hide_page_title":"","footnotes":""},"class_list":["post-27","page","type-page","status-publish","hentry"],"_links":{"self":[{"href":"https:\/\/kanzleiklocke.de\/index.php?rest_route=\/wp\/v2\/pages\/27","targetHints":{"allow":["GET"]}}],"collection":[{"href":"https:\/\/kanzleiklocke.de\/index.php?rest_route=\/wp\/v2\/pages"}],"about":[{"href":"https:\/\/kanzleiklocke.de\/index.php?rest_route=\/wp\/v2\/types\/page"}],"author":[{"embeddable":true,"href":"https:\/\/kanzleiklocke.de\/index.php?rest_route=\/wp\/v2\/users\/1"}],"replies":[{"embeddable":true,"href":"https:\/\/kanzleiklocke.de\/index.php?rest_route=%2Fwp%2Fv2%2Fcomments&post=27"}],"version-history":[{"count":185,"href":"https:\/\/kanzleiklocke.de\/index.php?rest_route=\/wp\/v2\/pages\/27\/revisions"}],"predecessor-version":[{"id":351,"href":"https:\/\/kanzleiklocke.de\/index.php?rest_route=\/wp\/v2\/pages\/27\/revisions\/351"}],"wp:attachment":[{"href":"https:\/\/kanzleiklocke.de\/index.php?rest_route=%2Fwp%2Fv2%2Fmedia&parent=27"}],"curies":[{"name":"wp","href":"https:\/\/api.w.org\/{rel}","templated":true}]}}